{"id":2001,"date":"2026-09-01T11:22:42","date_gmt":"2026-09-01T11:22:42","guid":{"rendered":"https:\/\/teckelsdemestral.com\/?page_id=2001"},"modified":"2026-09-02T18:10:03","modified_gmt":"2026-09-02T18:10:03","slug":"adiestramiento-teckel","status":"publish","type":"page","link":"https:\/\/teckelsdemestral.com\/ca\/adiestramiento-teckel\/","title":{"rendered":"Adiestramiento"},"content":{"rendered":"<div class=\"vc_row wpb_row vc_row-fluid\"><div class=\"wpb_column vc_column_container vc_col-sm-12\"><div class=\"vc_column-inner\"><div class=\"wpb_wrapper\">\n\t<div class=\"wpb_text_column wpb_content_element\" >\n\t\t<div class=\"wpb_wrapper\">\n\t\t\t<h1 style=\"text-align: center;\"><strong>MESTRAL READY &#8211; PREPARACI\u00d3N Y EDUCACI\u00d3N CANINA<\/strong><\/h1>\n<p>&nbsp;<\/p>\n<h2><strong>Adiestramiento teckel: qu\u00e9 trabajamos en Mestral Ready<\/strong><\/h2>\n<p class=\"PDq2pG_selectionAnchorContainer\" data-start=\"219\" data-end=\"408\"><strong>Mestral Ready<\/strong> es nuestro programa de adiestramiento teckel y preparaci\u00f3n del cachorro para familias que desean recibirlo con un trabajo previo m\u00e1s avanzado.<\/p>\n<p data-start=\"410\" data-end=\"598\">El programa combina nuestra experiencia con la raza con formaci\u00f3n espec\u00edfica en <strong data-start=\"490\" data-end=\"535\">adiestramiento de base y educaci\u00f3n canina<\/strong>, incorporando contenidos ajustados al itinerario <strong data-start=\"585\" data-end=\"597\">SEAD0412<\/strong>.<\/p>\n<p class=\"\" data-start=\"156\" data-end=\"457\">El programa Mestral Ready no busca \u00fanicamente ense\u00f1ar \u00f3rdenes b\u00e1sicas, sino preparar al cachorro para integrarse de forma progresiva en su futura familia. El trabajo de <strong data-start=\"325\" data-end=\"350\">adiestramiento teckel<\/strong> se combina con socializaci\u00f3n, manejo diario, autocontrol y adaptaci\u00f3n a diferentes situaciones habituales.<\/p>\n<p data-start=\"459\" data-end=\"724\">Durante el programa se trabajan aspectos como la llamada, el paseo con correa, la habituaci\u00f3n al transporte, el descanso en casa, la manipulaci\u00f3n, la convivencia con personas y otros perros, as\u00ed como la exposici\u00f3n progresiva a distintos entornos, sonidos y rutinas.<\/p>\n<p data-start=\"726\" data-end=\"1066\">La preparaci\u00f3n se adapta tambi\u00e9n al tiempo de permanencia del cachorro en Terra de Mestral. En la modalidad de <strong data-start=\"837\" data-end=\"848\">4 meses<\/strong> se establece una base s\u00f3lida de educaci\u00f3n y socializaci\u00f3n. En la modalidad de <strong data-start=\"927\" data-end=\"938\">6 meses<\/strong> se puede avanzar m\u00e1s en la consolidaci\u00f3n de h\u00e1bitos, la autonom\u00eda y la adaptaci\u00f3n a las rutinas concretas de la futura familia.<\/p>\n<p data-start=\"1068\" data-end=\"1213\">Nuestro objetivo es que el cachorro llegue a su nuevo hogar con una base educativa que facilite la convivencia y haga m\u00e1s sencilla su adaptaci\u00f3n.<\/p>\n<p data-start=\"1068\" data-end=\"1213\">\u201cPuedes consultar tambi\u00e9n nuestros <a href=\"https:\/\/teckelsdemestral.com\/ca\/cachorros\/\"><strong data-start=\"321\" data-end=\"346\">cachorros disponibles<\/strong><\/a>, las <a href=\"https:\/\/teckelsdemestral.com\/ca\/proxima-camada\/\"><strong data-start=\"352\" data-end=\"372\">pr\u00f3ximas camadas<\/strong><\/a> o contactar con nosotros para valorar qu\u00e9 modalidad de Mestral Ready encaja mejor con tu familia.\u201d<\/p>\n\n\t\t<\/div>\n\t<\/div>\n<\/div><\/div><\/div><\/div><div class=\"vc_row wpb_row vc_row-fluid\"><div class=\"wpb_column vc_column_container vc_col-sm-6\"><div class=\"vc_column-inner\"><div class=\"wpb_wrapper\"><div class=\"toggle-box\"><h6 data-toggle=\"collapse\" data-target=\"#toggle-0\"><i class=\"fa fa-bars\"><\/i> MESTRAL READY - 4 Meses<\/h6><div id=\"toggle-0\" class=\"collapse\"><p class=\"PDq2pG_selectionAnchorContainer\" data-start=\"192\" data-end=\"340\"><strong data-start=\"192\" data-end=\"340\">Una primera etapa de preparaci\u00f3n pensada para facilitar la adaptaci\u00f3n del cachorro a su nueva familia y sentar unas buenas bases de convivencia.<\/strong><\/p>\n<p data-start=\"342\" data-end=\"354\">Incluye:<\/p>\n<p data-start=\"356\" data-end=\"957\">\u2022 Adaptaci\u00f3n progresiva a las rutinas del hogar.<br data-start=\"404\" data-end=\"407\" \/>\u2022 Inicio del aprendizaje de h\u00e1bitos higi\u00e9nicos y reducci\u00f3n progresiva de pip\u00eds y cacas dentro de casa.<br data-start=\"509\" data-end=\"512\" \/>\u2022 Inicio del paseo con correa.<br data-start=\"542\" data-end=\"545\" \/>\u2022 Trabajo inicial de llamada.<br data-start=\"574\" data-end=\"577\" \/>\u2022 Habituaci\u00f3n al transport\u00edn.<br data-start=\"606\" data-end=\"609\" \/>\u2022 Adaptaci\u00f3n a desplazamientos en coche.<br data-start=\"649\" data-end=\"652\" \/>\u2022 Manipulaci\u00f3n de patas, orejas, boca y cuerpo.<br data-start=\"699\" data-end=\"702\" \/>\u2022 Habituaci\u00f3n a ruidos cotidianos y diferentes entornos.<br data-start=\"758\" data-end=\"761\" \/>\u2022 Socializaci\u00f3n controlada con personas y otros perros.<br data-start=\"816\" data-end=\"819\" \/>\u2022 Inicio del trabajo de autocontrol.<br data-start=\"855\" data-end=\"858\" \/>\u2022 Aprendizaje de momentos de calma y descanso.<br data-start=\"904\" data-end=\"907\" \/>\u2022 Orientaciones para continuar el trabajo en casa.<\/p>\n<p data-start=\"959\" data-end=\"1041\"><strong data-start=\"959\" data-end=\"1041\">El trabajo se adapta siempre a la edad, evoluci\u00f3n y car\u00e1cter de cada cachorro.<\/strong><\/p>\n<\/div><\/div><\/div><\/div><\/div><div class=\"wpb_column vc_column_container vc_col-sm-6\"><div class=\"vc_column-inner\"><div class=\"wpb_wrapper\"><div class=\"toggle-box\"><h6 data-toggle=\"collapse\" data-target=\"#toggle-1\"><i class=\"fa fa-bars\"><\/i> MESTRAL READY - 6 MESES<\/h6><div id=\"toggle-1\" class=\"collapse\"><p class=\"PDq2pG_selectionAnchorContainer\" data-start=\"29\" data-end=\"216\"><strong>Un programa de preparaci\u00f3n m\u00e1s completo, pensado para familias que desean recibir a su cachorro con aprendizajes m\u00e1s consolidados y una adaptaci\u00f3n previa m\u00e1s avanzada a la vida cotidiana.<\/strong><\/p>\n<p data-start=\"218\" data-end=\"230\">Incluye:<\/p>\n<ul data-start=\"232\" data-end=\"1057\">\n<li data-section-id=\"1i00bxk\" data-start=\"232\" data-end=\"273\">Consolidaci\u00f3n de las rutinas del hogar.<\/li>\n<li data-section-id=\"ezcdro\" data-start=\"274\" data-end=\"404\">H\u00e1bitos higi\u00e9nicos m\u00e1s avanzados, con mayor control de pip\u00eds y cacas dentro de casa seg\u00fan la edad y maduraci\u00f3n del cachorro.<\/li>\n<li data-section-id=\"193fkyb\" data-start=\"405\" data-end=\"436\">Paseo con correa m\u00e1s estable.<\/li>\n<li data-section-id=\"q9l3e\" data-start=\"437\" data-end=\"463\">Llamada m\u00e1s consolidada.<\/li>\n<li data-section-id=\"1ln8fxv\" data-start=\"464\" data-end=\"502\">Habituaci\u00f3n completa al transport\u00edn.<\/li>\n<li data-section-id=\"16s5utn\" data-start=\"503\" data-end=\"543\">Adaptaci\u00f3n a desplazamientos en coche.<\/li>\n<li data-section-id=\"ll1xvm\" data-start=\"544\" data-end=\"600\">Manipulaci\u00f3n habitual de patas, orejas, boca y cuerpo.<\/li>\n<li data-section-id=\"1bo3kh1\" data-start=\"601\" data-end=\"662\">Mayor exposici\u00f3n a ruidos cotidianos y diferentes entornos.<\/li>\n<li data-section-id=\"18tk5vf\" data-start=\"663\" data-end=\"718\">Socializaci\u00f3n controlada con personas y otros perros.<\/li>\n<li data-section-id=\"1ymdbkp\" data-start=\"719\" data-end=\"757\">Trabajo m\u00e1s avanzado de autocontrol.<\/li>\n<li data-section-id=\"4m3rzh\" data-start=\"758\" data-end=\"804\">Aprendizaje de espera y gesti\u00f3n de impulsos.<\/li>\n<li data-section-id=\"oqzm1r\" data-start=\"805\" data-end=\"835\">Trabajo de calma y descanso.<\/li>\n<li data-section-id=\"u485re\" data-start=\"836\" data-end=\"909\">Introducci\u00f3n de rutinas y normas b\u00e1sicas adaptadas a la futura familia.<\/li>\n<li data-section-id=\"1mbs7ap\" data-start=\"910\" data-end=\"991\">Preparaci\u00f3n progresiva para quedarse solo durante periodos adecuados a su edad.<\/li>\n<li data-section-id=\"1cznzwr\" data-start=\"992\" data-end=\"1057\">Orientaciones personalizadas para continuar el trabajo en casa.<\/li>\n<\/ul>\n<p data-start=\"1059\" data-end=\"1156\"><strong data-start=\"1059\" data-end=\"1156\">El programa se adapta siempre al car\u00e1cter, evoluci\u00f3n y ritmo de aprendizaje de cada cachorro.<\/strong><\/p>\n<\/div><\/div><\/div><\/div><\/div><\/div>","protected":false},"excerpt":{"rendered":"MESTRAL READY - PREPARACI\u00d3N Y EDUCACI\u00d3N CANINA &nbsp; Adiestramiento teckel: qu\u00e9 trabajamos en Mestral Ready Mestral Ready es nuestro programa de adiestramiento teckel y preparaci\u00f3n del cachorro para familias que desean recibirlo con un trabajo previo m\u00e1s avanzado. El programa combina nuestra experiencia con la raza con formaci\u00f3n espec\u00edfica en adiestramiento de base y educaci\u00f3n canina, incorporando contenidos ajustados al [...] <a class=\"continue-reading h6 color-primary\" href=\"https:\/\/teckelsdemestral.com\/ca\/adiestramiento-teckel\/\"><i class=\"fa fa-fw fa-angle-double-right \"><\/i>Continue Reading<\/a>","protected":false},"author":2,"featured_media":0,"parent":0,"menu_order":0,"comment_status":"closed","ping_status":"closed","template":"","meta":{"footnotes":""},"class_list":["post-2001","page","type-page","status-publish","hentry"],"_links":{"self":[{"href":"https:\/\/teckelsdemestral.com\/ca\/wp-json\/wp\/v2\/pages\/2001","targetHints":{"allow":["GET"]}}],"collection":[{"href":"https:\/\/teckelsdemestral.com\/ca\/wp-json\/wp\/v2\/pages"}],"about":[{"href":"https:\/\/teckelsdemestral.com\/ca\/wp-json\/wp\/v2\/types\/page"}],"author":[{"embeddable":true,"href":"https:\/\/teckelsdemestral.com\/ca\/wp-json\/wp\/v2\/users\/2"}],"replies":[{"embeddable":true,"href":"https:\/\/teckelsdemestral.com\/ca\/wp-json\/wp\/v2\/comments?post=2001"}],"version-history":[{"count":17,"href":"https:\/\/teckelsdemestral.com\/ca\/wp-json\/wp\/v2\/pages\/2001\/revisions"}],"predecessor-version":[{"id":2049,"href":"https:\/\/teckelsdemestral.com\/ca\/wp-json\/wp\/v2\/pages\/2001\/revisions\/2049"}],"wp:attachment":[{"href":"https:\/\/teckelsdemestral.com\/ca\/wp-json\/wp\/v2\/media?parent=2001"}],"curies":[{"name":"wp","href":"https:\/\/api.w.org\/{rel}","templated":true}]}}